{"id":74196,"date":"2026-04-28T16:50:48","date_gmt":"2026-04-28T14:50:48","guid":{"rendered":"https:\/\/prestige-immo.ch\/immobilien\/1740478it-appartement-3-pces-partiellement-renove-centre-de-crans-a-pied\/"},"modified":"2026-04-29T12:02:01","modified_gmt":"2026-04-29T10:02:01","slug":"1740478it-appartement-3-pces-partiellement-renove-centre-de-crans-a-pied","status":"publish","type":"casawp_property","link":"https:\/\/prestige-immo.ch\/it\/immobilien\/1740478it-appartement-3-pces-partiellement-renove-centre-de-crans-a-pied\/","title":{"rendered":"Appartement 3 pces partiellement r\u00e9nov\u00e9 &#8211; Centre de Crans \u00e0 pied"},"content":{"rendered":"<h2>Appartement en PPE partiellement r\u00e9nov\u00e9 &amp; vendu meubl\u00e9 \u00e0 2 pas du centre de Crans<\/h2>\n<p>Situ\u00e9 \u00e0 deux pas du centre de Crans-Montana, cet appartement de 46 m\u00b2 offre un cadre de vie pratique et recherch\u00e9, permettant de tout faire \u00e0 pied : commerces, restaurants, pistes et commodit\u00e9s.<\/p>\n<p>En rez-de-chauss\u00e9e, il b\u00e9n\u00e9ficie d&#8217;un environnement calme avec une vue sur la for\u00eat et un aper\u00e7u des sommets environnants, apportant une atmosph\u00e8re agr\u00e9able et naturelle.<\/p>\n<p><strong>Distribution &amp; atouts<\/strong><br \/>2 petites &amp; charmantes chambres<br \/>S\u00e9jour optimis\u00e9 avec des jeux de miroirs apportant volume et modernit\u00e9<br \/>Cuisine ouverte sur l&#8217;espace de vie<br \/>1 salle de bain<br \/>Appartement fonctionnel et bien agenc\u00e9<br \/>\u00a0<br \/><strong>\u00c9tat &amp; potentiel<\/strong><br \/>Partiellement r\u00e9nov\u00e9 en 2025<br \/>Appartement en bon \u00e9tat, habitable imm\u00e9diatement<br \/>Potentiel d&#8217;am\u00e9lioration (cuisine \/ salle de bain) pour valorisation future<br \/>Id\u00e9al pour un projet personnalis\u00e9 sans travaux urgents<br \/>\u00a0<br \/><strong>Situation<\/strong><\/p>\n<p>Environnement calme et pratique |\u00a0Possibilit\u00e9 de se garer devant l&#8217;immeuble |\u00a0Arr\u00eat de bus en face de la r\u00e9sidence |\u00a0Vendu meubl\u00e9.<\/p>\n<p><strong>Opportunit\u00e9<\/strong><br \/>Ce bien repr\u00e9sente une excellente opportunit\u00e9 pour :<\/p>\n<p>un pied-\u00e0-terre facile \u00e0 vivre<br \/>un investissement locatif, avec forte demande dans le secteur<br \/>ou un premier achat avec potentiel de valorisation<br \/>\u00a0<br \/><strong>En r\u00e9sum\u00e9<\/strong><br \/>Un appartement bien situ\u00e9, fonctionnel, pr\u00eat \u00e0 vivre, offrant un bon \u00e9quilibre entre confort imm\u00e9diat et potentiel d&#8217;optimisation dans un secteur tr\u00e8s recherch\u00e9 de Crans-Montana.<\/p>\n","protected":false},"excerpt":{"rendered":"<p>EXCLUSIVIT\u00c9 PRESTIGE &#8211; Appartement en rez-de-chauss\u00e9e r\u00e9nov\u00e9 proche centre de Crans<br \/>\nCalme &amp;amp; proximit\u00e9, 2 chambres &amp;amp; fort potentiel d&#8217;investissement<\/p>\n","protected":false},"author":0,"featured_media":74197,"parent":0,"menu_order":25,"comment_status":"closed","ping_status":"closed","template":"","meta":{"_acf_changed":false,"inline_featured_image":false,"footnotes":""},"casawp_category":[1146],"casawp_feature":[1148,1155,1152,1154,1222,1147,1201,1153,1150,1151,1206,1180],"casawp_utility":[1207,1157,1186],"casawp_location":[1160,1162,1161],"casawp_salestype":[1158],"casawp_availability":[1159],"casawp_region":[],"class_list":["post-74196","casawp_property","type-casawp_property","status-publish","has-post-thumbnail","hentry","casawp_category-apartment","casawp_feature-has-elevator","casawp_feature-has-foreign-quota","casawp_feature-has-parking","casawp_feature-is-allowed-as-secondary-residency","casawp_feature-is-animal-friendly","casawp_feature-is-child-friendly","casawp_feature-is-ground-floor","casawp_feature-is-only-allowed-as-primary-residency","casawp_feature-is-quiet","casawp_feature-is-sunny","casawp_feature-is-well-tended","casawp_feature-on-a-south-slope","casawp_utility-investment","casawp_utility-residential","casawp_utility-vacation","casawp_location-country_ch","casawp_location-locality_crans-montana","casawp_location-region_vs","casawp_salestype-buy","casawp_availability-active"],"acf":[],"yoast_head":"<!-- This site is optimized with the Yoast SEO plugin v26.6 - https:\/\/yoast.com\/wordpress\/plugins\/seo\/ -->\n<title>Appartement 3 pces partiellement r\u00e9nov\u00e9 - Centre de Crans \u00e0 pied - DSC Prestige S\u00e0rl<\/title>\n<meta name=\"robots\" content=\"index, follow, max-snippet:-1, max-image-preview:large, max-video-preview:-1\" \/>\n<link rel=\"canonical\" href=\"https:\/\/prestige-immo.ch\/immobilien\/1740478fr-appartement-3-pces-partiellement-renove-centre-de-crans-a-pied\/\" \/>\n<meta property=\"og:locale\" content=\"it_IT\" \/>\n<meta property=\"og:type\" content=\"article\" \/>\n<meta property=\"og:title\" content=\"Appartement 3 pces partiellement r\u00e9nov\u00e9 - Centre de Crans \u00e0 pied - DSC Prestige S\u00e0rl\" \/>\n<meta property=\"og:description\" content=\"EXCLUSIVIT\u00c9 PRESTIGE - Appartement en rez-de-chauss\u00e9e r\u00e9nov\u00e9 proche centre de Crans Calme &amp;amp; proximit\u00e9, 2 chambres &amp;amp; fort potentiel d&#039;investissement\" \/>\n<meta property=\"og:url\" content=\"https:\/\/prestige-immo.ch\/immobilien\/1740478fr-appartement-3-pces-partiellement-renove-centre-de-crans-a-pied\/\" \/>\n<meta property=\"og:site_name\" content=\"DSC Prestige S\u00e0rl\" \/>\n<meta property=\"article:publisher\" content=\"https:\/\/www.facebook.com\/Prestige-Swiss-Real-Estate-392606784084001\/\" \/>\n<meta property=\"article:modified_time\" content=\"2026-04-29T10:02:01+00:00\" \/>\n<meta name=\"twitter:card\" content=\"summary_large_image\" \/>\n<meta name=\"twitter:label1\" content=\"Tempo di lettura stimato\" \/>\n\t<meta name=\"twitter:data1\" content=\"1 minuto\" \/>\n<script type=\"application\/ld+json\" class=\"yoast-schema-graph\">{\"@context\":\"https:\/\/schema.org\",\"@graph\":[{\"@type\":\"WebPage\",\"@id\":\"https:\/\/prestige-immo.ch\/immobilien\/1740478fr-appartement-3-pces-partiellement-renove-centre-de-crans-a-pied\/\",\"url\":\"https:\/\/prestige-immo.ch\/immobilien\/1740478fr-appartement-3-pces-partiellement-renove-centre-de-crans-a-pied\/\",\"name\":\"Appartement 3 pces partiellement r\u00e9nov\u00e9 - Centre de Crans \u00e0 pied - DSC Prestige S\u00e0rl\",\"isPartOf\":{\"@id\":\"https:\/\/prestige-immo.ch\/#website\"},\"primaryImageOfPage\":{\"@id\":\"https:\/\/prestige-immo.ch\/immobilien\/1740478fr-appartement-3-pces-partiellement-renove-centre-de-crans-a-pied\/#primaryimage\"},\"image\":{\"@id\":\"https:\/\/prestige-immo.ch\/immobilien\/1740478fr-appartement-3-pces-partiellement-renove-centre-de-crans-a-pied\/#primaryimage\"},\"thumbnailUrl\":\"https:\/\/cdn.casasoft.com\/media\/provider-11944\/property-1740461\/402e3ccd9250d8558b2aa805271ece45.png?p=xl\",\"datePublished\":\"2026-04-28T14:50:48+00:00\",\"dateModified\":\"2026-04-29T10:02:01+00:00\",\"breadcrumb\":{\"@id\":\"https:\/\/prestige-immo.ch\/immobilien\/1740478fr-appartement-3-pces-partiellement-renove-centre-de-crans-a-pied\/#breadcrumb\"},\"inLanguage\":\"it-IT\",\"potentialAction\":[{\"@type\":\"ReadAction\",\"target\":[\"https:\/\/prestige-immo.ch\/immobilien\/1740478fr-appartement-3-pces-partiellement-renove-centre-de-crans-a-pied\/\"]}]},{\"@type\":\"ImageObject\",\"inLanguage\":\"it-IT\",\"@id\":\"https:\/\/prestige-immo.ch\/immobilien\/1740478fr-appartement-3-pces-partiellement-renove-centre-de-crans-a-pied\/#primaryimage\",\"url\":\"https:\/\/cdn.casasoft.com\/media\/provider-11944\/property-1740461\/402e3ccd9250d8558b2aa805271ece45.png?p=xl\",\"contentUrl\":\"https:\/\/cdn.casasoft.com\/media\/provider-11944\/property-1740461\/402e3ccd9250d8558b2aa805271ece45.png?p=xl\"},{\"@type\":\"BreadcrumbList\",\"@id\":\"https:\/\/prestige-immo.ch\/immobilien\/1740478fr-appartement-3-pces-partiellement-renove-centre-de-crans-a-pied\/#breadcrumb\",\"itemListElement\":[{\"@type\":\"ListItem\",\"position\":1,\"name\":\"Accueil\",\"item\":\"https:\/\/prestige-immo.ch\/it\/\"},{\"@type\":\"ListItem\",\"position\":2,\"name\":\"Propri\u00e9t\u00e9s\",\"item\":\"https:\/\/prestige-immo.ch\/immobilien\/\"},{\"@type\":\"ListItem\",\"position\":3,\"name\":\"Appartement 3 pces partiellement r\u00e9nov\u00e9 &#8211; Centre de Crans \u00e0 pied\"}]},{\"@type\":\"WebSite\",\"@id\":\"https:\/\/prestige-immo.ch\/#website\",\"url\":\"https:\/\/prestige-immo.ch\/\",\"name\":\"Prestige Immo\",\"description\":\"\",\"publisher\":{\"@id\":\"https:\/\/prestige-immo.ch\/#organization\"},\"potentialAction\":[{\"@type\":\"SearchAction\",\"target\":{\"@type\":\"EntryPoint\",\"urlTemplate\":\"https:\/\/prestige-immo.ch\/?s={search_term_string}\"},\"query-input\":{\"@type\":\"PropertyValueSpecification\",\"valueRequired\":true,\"valueName\":\"search_term_string\"}}],\"inLanguage\":\"it-IT\"},{\"@type\":\"Organization\",\"@id\":\"https:\/\/prestige-immo.ch\/#organization\",\"name\":\"Prestige Immo\",\"url\":\"https:\/\/prestige-immo.ch\/\",\"logo\":{\"@type\":\"ImageObject\",\"inLanguage\":\"it-IT\",\"@id\":\"https:\/\/prestige-immo.ch\/#\/schema\/logo\/image\/\",\"url\":\"https:\/\/prestige-immo.ch\/wp-content\/uploads\/sites\/254\/2020\/05\/Logo-Prestige-vectoriser.svg\",\"contentUrl\":\"https:\/\/prestige-immo.ch\/wp-content\/uploads\/sites\/254\/2020\/05\/Logo-Prestige-vectoriser.svg\",\"width\":1785,\"height\":656,\"caption\":\"Prestige Immo\"},\"image\":{\"@id\":\"https:\/\/prestige-immo.ch\/#\/schema\/logo\/image\/\"},\"sameAs\":[\"https:\/\/www.facebook.com\/Prestige-Swiss-Real-Estate-392606784084001\/\"]}]}<\/script>\n<!-- \/ Yoast SEO plugin. -->","yoast_head_json":{"title":"Appartement 3 pces partiellement r\u00e9nov\u00e9 - Centre de Crans \u00e0 pied - DSC Prestige S\u00e0rl","robots":{"index":"index","follow":"follow","max-snippet":"max-snippet:-1","max-image-preview":"max-image-preview:large","max-video-preview":"max-video-preview:-1"},"canonical":"https:\/\/prestige-immo.ch\/immobilien\/1740478fr-appartement-3-pces-partiellement-renove-centre-de-crans-a-pied\/","og_locale":"it_IT","og_type":"article","og_title":"Appartement 3 pces partiellement r\u00e9nov\u00e9 - Centre de Crans \u00e0 pied - DSC Prestige S\u00e0rl","og_description":"EXCLUSIVIT\u00c9 PRESTIGE - Appartement en rez-de-chauss\u00e9e r\u00e9nov\u00e9 proche centre de Crans Calme &amp;amp; proximit\u00e9, 2 chambres &amp;amp; fort potentiel d'investissement","og_url":"https:\/\/prestige-immo.ch\/immobilien\/1740478fr-appartement-3-pces-partiellement-renove-centre-de-crans-a-pied\/","og_site_name":"DSC Prestige S\u00e0rl","article_publisher":"https:\/\/www.facebook.com\/Prestige-Swiss-Real-Estate-392606784084001\/","article_modified_time":"2026-04-29T10:02:01+00:00","twitter_card":"summary_large_image","twitter_misc":{"Tempo di lettura stimato":"1 minuto"},"schema":{"@context":"https:\/\/schema.org","@graph":[{"@type":"WebPage","@id":"https:\/\/prestige-immo.ch\/immobilien\/1740478fr-appartement-3-pces-partiellement-renove-centre-de-crans-a-pied\/","url":"https:\/\/prestige-immo.ch\/immobilien\/1740478fr-appartement-3-pces-partiellement-renove-centre-de-crans-a-pied\/","name":"Appartement 3 pces partiellement r\u00e9nov\u00e9 - Centre de Crans \u00e0 pied - DSC Prestige S\u00e0rl","isPartOf":{"@id":"https:\/\/prestige-immo.ch\/#website"},"primaryImageOfPage":{"@id":"https:\/\/prestige-immo.ch\/immobilien\/1740478fr-appartement-3-pces-partiellement-renove-centre-de-crans-a-pied\/#primaryimage"},"image":{"@id":"https:\/\/prestige-immo.ch\/immobilien\/1740478fr-appartement-3-pces-partiellement-renove-centre-de-crans-a-pied\/#primaryimage"},"thumbnailUrl":"https:\/\/cdn.casasoft.com\/media\/provider-11944\/property-1740461\/402e3ccd9250d8558b2aa805271ece45.png?p=xl","datePublished":"2026-04-28T14:50:48+00:00","dateModified":"2026-04-29T10:02:01+00:00","breadcrumb":{"@id":"https:\/\/prestige-immo.ch\/immobilien\/1740478fr-appartement-3-pces-partiellement-renove-centre-de-crans-a-pied\/#breadcrumb"},"inLanguage":"it-IT","potentialAction":[{"@type":"ReadAction","target":["https:\/\/prestige-immo.ch\/immobilien\/1740478fr-appartement-3-pces-partiellement-renove-centre-de-crans-a-pied\/"]}]},{"@type":"ImageObject","inLanguage":"it-IT","@id":"https:\/\/prestige-immo.ch\/immobilien\/1740478fr-appartement-3-pces-partiellement-renove-centre-de-crans-a-pied\/#primaryimage","url":"https:\/\/cdn.casasoft.com\/media\/provider-11944\/property-1740461\/402e3ccd9250d8558b2aa805271ece45.png?p=xl","contentUrl":"https:\/\/cdn.casasoft.com\/media\/provider-11944\/property-1740461\/402e3ccd9250d8558b2aa805271ece45.png?p=xl"},{"@type":"BreadcrumbList","@id":"https:\/\/prestige-immo.ch\/immobilien\/1740478fr-appartement-3-pces-partiellement-renove-centre-de-crans-a-pied\/#breadcrumb","itemListElement":[{"@type":"ListItem","position":1,"name":"Accueil","item":"https:\/\/prestige-immo.ch\/it\/"},{"@type":"ListItem","position":2,"name":"Propri\u00e9t\u00e9s","item":"https:\/\/prestige-immo.ch\/immobilien\/"},{"@type":"ListItem","position":3,"name":"Appartement 3 pces partiellement r\u00e9nov\u00e9 &#8211; Centre de Crans \u00e0 pied"}]},{"@type":"WebSite","@id":"https:\/\/prestige-immo.ch\/#website","url":"https:\/\/prestige-immo.ch\/","name":"Prestige Immo","description":"","publisher":{"@id":"https:\/\/prestige-immo.ch\/#organization"},"potentialAction":[{"@type":"SearchAction","target":{"@type":"EntryPoint","urlTemplate":"https:\/\/prestige-immo.ch\/?s={search_term_string}"},"query-input":{"@type":"PropertyValueSpecification","valueRequired":true,"valueName":"search_term_string"}}],"inLanguage":"it-IT"},{"@type":"Organization","@id":"https:\/\/prestige-immo.ch\/#organization","name":"Prestige Immo","url":"https:\/\/prestige-immo.ch\/","logo":{"@type":"ImageObject","inLanguage":"it-IT","@id":"https:\/\/prestige-immo.ch\/#\/schema\/logo\/image\/","url":"https:\/\/prestige-immo.ch\/wp-content\/uploads\/sites\/254\/2020\/05\/Logo-Prestige-vectoriser.svg","contentUrl":"https:\/\/prestige-immo.ch\/wp-content\/uploads\/sites\/254\/2020\/05\/Logo-Prestige-vectoriser.svg","width":1785,"height":656,"caption":"Prestige Immo"},"image":{"@id":"https:\/\/prestige-immo.ch\/#\/schema\/logo\/image\/"},"sameAs":["https:\/\/www.facebook.com\/Prestige-Swiss-Real-Estate-392606784084001\/"]}]}},"_links":{"self":[{"href":"https:\/\/prestige-immo.ch\/it\/wp-json\/wp\/v2\/casawp_property\/74196","targetHints":{"allow":["GET"]}}],"collection":[{"href":"https:\/\/prestige-immo.ch\/it\/wp-json\/wp\/v2\/casawp_property"}],"about":[{"href":"https:\/\/prestige-immo.ch\/it\/wp-json\/wp\/v2\/types\/casawp_property"}],"replies":[{"embeddable":true,"href":"https:\/\/prestige-immo.ch\/it\/wp-json\/wp\/v2\/comments?post=74196"}],"version-history":[{"count":0,"href":"https:\/\/prestige-immo.ch\/it\/wp-json\/wp\/v2\/casawp_property\/74196\/revisions"}],"wp:featuredmedia":[{"embeddable":true,"href":"https:\/\/prestige-immo.ch\/it\/wp-json\/wp\/v2\/media\/74197"}],"wp:attachment":[{"href":"https:\/\/prestige-immo.ch\/it\/wp-json\/wp\/v2\/media?parent=74196"}],"wp:term":[{"taxonomy":"casawp_category","embeddable":true,"href":"https:\/\/prestige-immo.ch\/it\/wp-json\/wp\/v2\/casawp_category?post=74196"},{"taxonomy":"casawp_feature","embeddable":true,"href":"https:\/\/prestige-immo.ch\/it\/wp-json\/wp\/v2\/casawp_feature?post=74196"},{"taxonomy":"casawp_utility","embeddable":true,"href":"https:\/\/prestige-immo.ch\/it\/wp-json\/wp\/v2\/casawp_utility?post=74196"},{"taxonomy":"casawp_location","embeddable":true,"href":"https:\/\/prestige-immo.ch\/it\/wp-json\/wp\/v2\/casawp_location?post=74196"},{"taxonomy":"casawp_salestype","embeddable":true,"href":"https:\/\/prestige-immo.ch\/it\/wp-json\/wp\/v2\/casawp_salestype?post=74196"},{"taxonomy":"casawp_availability","embeddable":true,"href":"https:\/\/prestige-immo.ch\/it\/wp-json\/wp\/v2\/casawp_availability?post=74196"},{"taxonomy":"casawp_region","embeddable":true,"href":"https:\/\/prestige-immo.ch\/it\/wp-json\/wp\/v2\/casawp_region?post=74196"}],"curies":[{"name":"wp","href":"https:\/\/api.w.org\/{rel}","templated":true}]}}