{"id":65291,"date":"2024-11-06T21:32:04","date_gmt":"2024-11-06T20:32:04","guid":{"rendered":"https:\/\/prestige-immo.ch\/immobilien\/1505062it-louer-la-semaine-2-1-2-pieces-proche-du-centre-de-crans\/"},"modified":"2026-04-29T17:54:16","modified_gmt":"2026-04-29T15:54:16","slug":"1505062it-louer-la-semaine-2-1-2-pieces-proche-du-centre-de-crans","status":"publish","type":"casawp_property","link":"https:\/\/prestige-immo.ch\/it\/immobilien\/1505062it-louer-la-semaine-2-1-2-pieces-proche-du-centre-de-crans\/","title":{"rendered":"\u00c0 LOUER \u00c0 LA SEMAINE 2 1\/2 pi\u00e8ces proche du centre de Crans"},"content":{"rendered":"<h2>2 1\/2 pces \u00e0 louer \u00e0 la semaine<\/h2>\n<p>D\u00e9couvrez ce chaleureux appartement de 2 \u00bd pi\u00e8ces, situ\u00e9 dans l&#8217;immeuble &#8220;Les Renardeaux&#8221; \u00e0 la Route de Lanna 13, au coeur de Crans-Montana. D&#8217;une surface de 50 m\u00b2, ce cocon au style montagnard authentique est parfait pour des s\u00e9jours paisibles et ressour\u00e7ants en montagne.<\/p>\n<p>\u00c0 seulement quelques pas du centre de Crans, cet appartement b\u00e9n\u00e9ficie d&#8217;un emplacement privil\u00e9gi\u00e9, offrant un acc\u00e8s facile aux commerces, restaurants, et aux remont\u00e9es m\u00e9caniques. Id\u00e9al pour les amateurs de ski et de randonn\u00e9e, il vous place \u00e0 proximit\u00e9 des pistes et des sentiers, tout en offrant une vue imprenable sur les montagnes, ajoutant une touche de magie \u00e0 votre s\u00e9jour.<\/p>\n<p>Con\u00e7u dans un style chalet avec des \u00e9l\u00e9ments en bois chaleureux, l&#8217;appartement comprend :<\/p>\n<p>Un s\u00e9jour accueillant avec un espace confortable pour se d\u00e9tendre,<br \/>Une cuisine enti\u00e8rement \u00e9quip\u00e9e pour pr\u00e9parer des repas r\u00e9confortants apr\u00e8s une journ\u00e9e en plein air,<br \/>Une chambre spacieuse et douillette pour des nuits reposantes avec sortie balcon et sa salle de bain,<br \/>Un wc visiteur.<\/p>\n<p>Cet appartement est le choix parfait pour un s\u00e9jour en famille, entre amis ou en couple, offrant un cadre chaleureux et une atmosph\u00e8re apaisante.<\/p>\n<p>Points forts :<\/p>\n<ul>\n<li>Garage box<\/li>\n<li>Vue imprenable sur les montagnes<\/li>\n<li>Acc\u00e8s rapide aux pistes et aux activit\u00e9s de montagne<\/li>\n<li>Style montagnard authentique pour une ambiance chalet<\/li>\n<li>Arr\u00eat de bus et navette gratuite \u00e0 100 m\u00e8tres<\/li>\n<\/ul>\n<p>Pour toute demande de r\u00e9servation, n&#8217;h\u00e9sitez pas \u00e0 nous contacter. Offrez-vous une escapade montagnarde authentique \u00e0 Crans-Montana, dans un cadre charmant et relaxant !<\/p>\n","protected":false},"excerpt":{"rendered":"<p>Appartement de 2 1\/2 pces \u00e0 louer \u00e0 la semaine<\/p>\n","protected":false},"author":0,"featured_media":65292,"parent":0,"menu_order":7,"comment_status":"closed","ping_status":"closed","template":"","meta":{"_acf_changed":false,"inline_featured_image":false,"footnotes":""},"casawp_category":[1146],"casawp_feature":[1276,1149,1165,1148,1190,1156,1152,1193,1150,1151,1180],"casawp_utility":[1186],"casawp_location":[1160,1162,1161],"casawp_salestype":[1166],"casawp_availability":[1159],"casawp_region":[],"class_list":["post-65291","casawp_property","type-casawp_property","status-publish","has-post-thumbnail","hentry","casawp_category-apartment","casawp_feature-has-multimedia-wiring","casawp_feature-has-balcony","casawp_feature-has-cabletv","casawp_feature-has-elevator","casawp_feature-has-fireplace","casawp_feature-has-mountain-view","casawp_feature-has-parking","casawp_feature-is-non-smoking","casawp_feature-is-quiet","casawp_feature-is-sunny","casawp_feature-on-a-south-slope","casawp_utility-vacation","casawp_location-country_ch","casawp_location-locality_crans-montana","casawp_location-region_vs","casawp_salestype-rent","casawp_availability-active"],"acf":[],"yoast_head":"<!-- This site is optimized with the Yoast SEO plugin v26.6 - https:\/\/yoast.com\/wordpress\/plugins\/seo\/ -->\n<title>\u00c0 LOUER \u00c0 LA SEMAINE 2 1\/2 pi\u00e8ces proche du centre de Crans - DSC Prestige S\u00e0rl<\/title>\n<meta name=\"robots\" content=\"index, follow, max-snippet:-1, max-image-preview:large, max-video-preview:-1\" \/>\n<link rel=\"canonical\" href=\"https:\/\/prestige-immo.ch\/immobilien\/1505062fr-louer-la-semaine-2-1-2-pieces-proche-du-centre-de-crans\/\" \/>\n<meta property=\"og:locale\" content=\"it_IT\" \/>\n<meta property=\"og:type\" content=\"article\" \/>\n<meta property=\"og:title\" content=\"\u00c0 LOUER \u00c0 LA SEMAINE 2 1\/2 pi\u00e8ces proche du centre de Crans - DSC Prestige S\u00e0rl\" \/>\n<meta property=\"og:description\" content=\"Appartement de 2 1\/2 pces \u00e0 louer \u00e0 la semaine\" \/>\n<meta property=\"og:url\" content=\"https:\/\/prestige-immo.ch\/immobilien\/1505062fr-louer-la-semaine-2-1-2-pieces-proche-du-centre-de-crans\/\" \/>\n<meta property=\"og:site_name\" content=\"DSC Prestige S\u00e0rl\" \/>\n<meta property=\"article:publisher\" content=\"https:\/\/www.facebook.com\/Prestige-Swiss-Real-Estate-392606784084001\/\" \/>\n<meta property=\"article:modified_time\" content=\"2026-04-29T15:54:16+00:00\" \/>\n<meta name=\"twitter:card\" content=\"summary_large_image\" \/>\n<meta name=\"twitter:label1\" content=\"Tempo di lettura stimato\" \/>\n\t<meta name=\"twitter:data1\" content=\"1 minuto\" \/>\n<script type=\"application\/ld+json\" class=\"yoast-schema-graph\">{\"@context\":\"https:\/\/schema.org\",\"@graph\":[{\"@type\":\"WebPage\",\"@id\":\"https:\/\/prestige-immo.ch\/immobilien\/1505062fr-louer-la-semaine-2-1-2-pieces-proche-du-centre-de-crans\/\",\"url\":\"https:\/\/prestige-immo.ch\/immobilien\/1505062fr-louer-la-semaine-2-1-2-pieces-proche-du-centre-de-crans\/\",\"name\":\"\u00c0 LOUER \u00c0 LA SEMAINE 2 1\/2 pi\u00e8ces proche du centre de Crans - DSC Prestige S\u00e0rl\",\"isPartOf\":{\"@id\":\"https:\/\/prestige-immo.ch\/#website\"},\"primaryImageOfPage\":{\"@id\":\"https:\/\/prestige-immo.ch\/immobilien\/1505062fr-louer-la-semaine-2-1-2-pieces-proche-du-centre-de-crans\/#primaryimage\"},\"image\":{\"@id\":\"https:\/\/prestige-immo.ch\/immobilien\/1505062fr-louer-la-semaine-2-1-2-pieces-proche-du-centre-de-crans\/#primaryimage\"},\"thumbnailUrl\":\"https:\/\/cdn.casasoft.com\/media\/provider-11944\/property-1504285\/18f0ef656b45888d25b45dd9ce7e2ef3.jpeg?p=xl\",\"datePublished\":\"2024-11-06T20:32:04+00:00\",\"dateModified\":\"2026-04-29T15:54:16+00:00\",\"breadcrumb\":{\"@id\":\"https:\/\/prestige-immo.ch\/immobilien\/1505062fr-louer-la-semaine-2-1-2-pieces-proche-du-centre-de-crans\/#breadcrumb\"},\"inLanguage\":\"it-IT\",\"potentialAction\":[{\"@type\":\"ReadAction\",\"target\":[\"https:\/\/prestige-immo.ch\/immobilien\/1505062fr-louer-la-semaine-2-1-2-pieces-proche-du-centre-de-crans\/\"]}]},{\"@type\":\"ImageObject\",\"inLanguage\":\"it-IT\",\"@id\":\"https:\/\/prestige-immo.ch\/immobilien\/1505062fr-louer-la-semaine-2-1-2-pieces-proche-du-centre-de-crans\/#primaryimage\",\"url\":\"https:\/\/cdn.casasoft.com\/media\/provider-11944\/property-1504285\/18f0ef656b45888d25b45dd9ce7e2ef3.jpeg?p=xl\",\"contentUrl\":\"https:\/\/cdn.casasoft.com\/media\/provider-11944\/property-1504285\/18f0ef656b45888d25b45dd9ce7e2ef3.jpeg?p=xl\"},{\"@type\":\"BreadcrumbList\",\"@id\":\"https:\/\/prestige-immo.ch\/immobilien\/1505062fr-louer-la-semaine-2-1-2-pieces-proche-du-centre-de-crans\/#breadcrumb\",\"itemListElement\":[{\"@type\":\"ListItem\",\"position\":1,\"name\":\"Accueil\",\"item\":\"https:\/\/prestige-immo.ch\/it\/\"},{\"@type\":\"ListItem\",\"position\":2,\"name\":\"Propri\u00e9t\u00e9s\",\"item\":\"https:\/\/prestige-immo.ch\/immobilien\/\"},{\"@type\":\"ListItem\",\"position\":3,\"name\":\"\u00c0 LOUER \u00c0 LA SEMAINE 2 1\/2 pi\u00e8ces proche du centre de Crans\"}]},{\"@type\":\"WebSite\",\"@id\":\"https:\/\/prestige-immo.ch\/#website\",\"url\":\"https:\/\/prestige-immo.ch\/\",\"name\":\"Prestige Immo\",\"description\":\"\",\"publisher\":{\"@id\":\"https:\/\/prestige-immo.ch\/#organization\"},\"potentialAction\":[{\"@type\":\"SearchAction\",\"target\":{\"@type\":\"EntryPoint\",\"urlTemplate\":\"https:\/\/prestige-immo.ch\/?s={search_term_string}\"},\"query-input\":{\"@type\":\"PropertyValueSpecification\",\"valueRequired\":true,\"valueName\":\"search_term_string\"}}],\"inLanguage\":\"it-IT\"},{\"@type\":\"Organization\",\"@id\":\"https:\/\/prestige-immo.ch\/#organization\",\"name\":\"Prestige Immo\",\"url\":\"https:\/\/prestige-immo.ch\/\",\"logo\":{\"@type\":\"ImageObject\",\"inLanguage\":\"it-IT\",\"@id\":\"https:\/\/prestige-immo.ch\/#\/schema\/logo\/image\/\",\"url\":\"https:\/\/prestige-immo.ch\/wp-content\/uploads\/sites\/254\/2020\/05\/Logo-Prestige-vectoriser.svg\",\"contentUrl\":\"https:\/\/prestige-immo.ch\/wp-content\/uploads\/sites\/254\/2020\/05\/Logo-Prestige-vectoriser.svg\",\"width\":1785,\"height\":656,\"caption\":\"Prestige Immo\"},\"image\":{\"@id\":\"https:\/\/prestige-immo.ch\/#\/schema\/logo\/image\/\"},\"sameAs\":[\"https:\/\/www.facebook.com\/Prestige-Swiss-Real-Estate-392606784084001\/\"]}]}<\/script>\n<!-- \/ Yoast SEO plugin. -->","yoast_head_json":{"title":"\u00c0 LOUER \u00c0 LA SEMAINE 2 1\/2 pi\u00e8ces proche du centre de Crans - DSC Prestige S\u00e0rl","robots":{"index":"index","follow":"follow","max-snippet":"max-snippet:-1","max-image-preview":"max-image-preview:large","max-video-preview":"max-video-preview:-1"},"canonical":"https:\/\/prestige-immo.ch\/immobilien\/1505062fr-louer-la-semaine-2-1-2-pieces-proche-du-centre-de-crans\/","og_locale":"it_IT","og_type":"article","og_title":"\u00c0 LOUER \u00c0 LA SEMAINE 2 1\/2 pi\u00e8ces proche du centre de Crans - DSC Prestige S\u00e0rl","og_description":"Appartement de 2 1\/2 pces \u00e0 louer \u00e0 la semaine","og_url":"https:\/\/prestige-immo.ch\/immobilien\/1505062fr-louer-la-semaine-2-1-2-pieces-proche-du-centre-de-crans\/","og_site_name":"DSC Prestige S\u00e0rl","article_publisher":"https:\/\/www.facebook.com\/Prestige-Swiss-Real-Estate-392606784084001\/","article_modified_time":"2026-04-29T15:54:16+00:00","twitter_card":"summary_large_image","twitter_misc":{"Tempo di lettura stimato":"1 minuto"},"schema":{"@context":"https:\/\/schema.org","@graph":[{"@type":"WebPage","@id":"https:\/\/prestige-immo.ch\/immobilien\/1505062fr-louer-la-semaine-2-1-2-pieces-proche-du-centre-de-crans\/","url":"https:\/\/prestige-immo.ch\/immobilien\/1505062fr-louer-la-semaine-2-1-2-pieces-proche-du-centre-de-crans\/","name":"\u00c0 LOUER \u00c0 LA SEMAINE 2 1\/2 pi\u00e8ces proche du centre de Crans - DSC Prestige S\u00e0rl","isPartOf":{"@id":"https:\/\/prestige-immo.ch\/#website"},"primaryImageOfPage":{"@id":"https:\/\/prestige-immo.ch\/immobilien\/1505062fr-louer-la-semaine-2-1-2-pieces-proche-du-centre-de-crans\/#primaryimage"},"image":{"@id":"https:\/\/prestige-immo.ch\/immobilien\/1505062fr-louer-la-semaine-2-1-2-pieces-proche-du-centre-de-crans\/#primaryimage"},"thumbnailUrl":"https:\/\/cdn.casasoft.com\/media\/provider-11944\/property-1504285\/18f0ef656b45888d25b45dd9ce7e2ef3.jpeg?p=xl","datePublished":"2024-11-06T20:32:04+00:00","dateModified":"2026-04-29T15:54:16+00:00","breadcrumb":{"@id":"https:\/\/prestige-immo.ch\/immobilien\/1505062fr-louer-la-semaine-2-1-2-pieces-proche-du-centre-de-crans\/#breadcrumb"},"inLanguage":"it-IT","potentialAction":[{"@type":"ReadAction","target":["https:\/\/prestige-immo.ch\/immobilien\/1505062fr-louer-la-semaine-2-1-2-pieces-proche-du-centre-de-crans\/"]}]},{"@type":"ImageObject","inLanguage":"it-IT","@id":"https:\/\/prestige-immo.ch\/immobilien\/1505062fr-louer-la-semaine-2-1-2-pieces-proche-du-centre-de-crans\/#primaryimage","url":"https:\/\/cdn.casasoft.com\/media\/provider-11944\/property-1504285\/18f0ef656b45888d25b45dd9ce7e2ef3.jpeg?p=xl","contentUrl":"https:\/\/cdn.casasoft.com\/media\/provider-11944\/property-1504285\/18f0ef656b45888d25b45dd9ce7e2ef3.jpeg?p=xl"},{"@type":"BreadcrumbList","@id":"https:\/\/prestige-immo.ch\/immobilien\/1505062fr-louer-la-semaine-2-1-2-pieces-proche-du-centre-de-crans\/#breadcrumb","itemListElement":[{"@type":"ListItem","position":1,"name":"Accueil","item":"https:\/\/prestige-immo.ch\/it\/"},{"@type":"ListItem","position":2,"name":"Propri\u00e9t\u00e9s","item":"https:\/\/prestige-immo.ch\/immobilien\/"},{"@type":"ListItem","position":3,"name":"\u00c0 LOUER \u00c0 LA SEMAINE 2 1\/2 pi\u00e8ces proche du centre de Crans"}]},{"@type":"WebSite","@id":"https:\/\/prestige-immo.ch\/#website","url":"https:\/\/prestige-immo.ch\/","name":"Prestige Immo","description":"","publisher":{"@id":"https:\/\/prestige-immo.ch\/#organization"},"potentialAction":[{"@type":"SearchAction","target":{"@type":"EntryPoint","urlTemplate":"https:\/\/prestige-immo.ch\/?s={search_term_string}"},"query-input":{"@type":"PropertyValueSpecification","valueRequired":true,"valueName":"search_term_string"}}],"inLanguage":"it-IT"},{"@type":"Organization","@id":"https:\/\/prestige-immo.ch\/#organization","name":"Prestige Immo","url":"https:\/\/prestige-immo.ch\/","logo":{"@type":"ImageObject","inLanguage":"it-IT","@id":"https:\/\/prestige-immo.ch\/#\/schema\/logo\/image\/","url":"https:\/\/prestige-immo.ch\/wp-content\/uploads\/sites\/254\/2020\/05\/Logo-Prestige-vectoriser.svg","contentUrl":"https:\/\/prestige-immo.ch\/wp-content\/uploads\/sites\/254\/2020\/05\/Logo-Prestige-vectoriser.svg","width":1785,"height":656,"caption":"Prestige Immo"},"image":{"@id":"https:\/\/prestige-immo.ch\/#\/schema\/logo\/image\/"},"sameAs":["https:\/\/www.facebook.com\/Prestige-Swiss-Real-Estate-392606784084001\/"]}]}},"_links":{"self":[{"href":"https:\/\/prestige-immo.ch\/it\/wp-json\/wp\/v2\/casawp_property\/65291","targetHints":{"allow":["GET"]}}],"collection":[{"href":"https:\/\/prestige-immo.ch\/it\/wp-json\/wp\/v2\/casawp_property"}],"about":[{"href":"https:\/\/prestige-immo.ch\/it\/wp-json\/wp\/v2\/types\/casawp_property"}],"replies":[{"embeddable":true,"href":"https:\/\/prestige-immo.ch\/it\/wp-json\/wp\/v2\/comments?post=65291"}],"version-history":[{"count":0,"href":"https:\/\/prestige-immo.ch\/it\/wp-json\/wp\/v2\/casawp_property\/65291\/revisions"}],"wp:featuredmedia":[{"embeddable":true,"href":"https:\/\/prestige-immo.ch\/it\/wp-json\/wp\/v2\/media\/65292"}],"wp:attachment":[{"href":"https:\/\/prestige-immo.ch\/it\/wp-json\/wp\/v2\/media?parent=65291"}],"wp:term":[{"taxonomy":"casawp_category","embeddable":true,"href":"https:\/\/prestige-immo.ch\/it\/wp-json\/wp\/v2\/casawp_category?post=65291"},{"taxonomy":"casawp_feature","embeddable":true,"href":"https:\/\/prestige-immo.ch\/it\/wp-json\/wp\/v2\/casawp_feature?post=65291"},{"taxonomy":"casawp_utility","embeddable":true,"href":"https:\/\/prestige-immo.ch\/it\/wp-json\/wp\/v2\/casawp_utility?post=65291"},{"taxonomy":"casawp_location","embeddable":true,"href":"https:\/\/prestige-immo.ch\/it\/wp-json\/wp\/v2\/casawp_location?post=65291"},{"taxonomy":"casawp_salestype","embeddable":true,"href":"https:\/\/prestige-immo.ch\/it\/wp-json\/wp\/v2\/casawp_salestype?post=65291"},{"taxonomy":"casawp_availability","embeddable":true,"href":"https:\/\/prestige-immo.ch\/it\/wp-json\/wp\/v2\/casawp_availability?post=65291"},{"taxonomy":"casawp_region","embeddable":true,"href":"https:\/\/prestige-immo.ch\/it\/wp-json\/wp\/v2\/casawp_region?post=65291"}],"curies":[{"name":"wp","href":"https:\/\/api.w.org\/{rel}","templated":true}]}}